{"id":12,"date":"2020-06-25T08:11:49","date_gmt":"2020-06-25T08:11:49","guid":{"rendered":"https:\/\/themes.muffingroup.com\/be\/business3_el\/?page_id=12"},"modified":"2021-10-05T22:08:58","modified_gmt":"2021-10-05T22:08:58","slug":"about","status":"publish","type":"page","link":"http:\/\/fatocontabil.cnt.br\/site\/?page_id=12","title":{"rendered":"Empresa"},"content":{"rendered":"\t\t<div data-elementor-type=\"wp-page\" data-elementor-id=\"12\" class=\"elementor elementor-12\" data-elementor-settings=\"[]\">\n\t\t\t\t\t\t\t<div class=\"elementor-section-wrap\">\n\t\t\t\t\t\t\t<section class=\"elementor-section elementor-top-section elementor-element elementor-element-c6ed732 elementor-section-stretched elementor-section-full_width elementor-section-height-default elementor-section-height-default\" data-id=\"c6ed732\" data-element_type=\"section\" data-settings=\"{&quot;stretch_section&quot;:&quot;section-stretched&quot;,&quot;background_background&quot;:&quot;classic&quot;}\">\n\t\t\t\t\t\t<div class=\"elementor-container elementor-column-gap-no\">\n\t\t\t\t\t<div class=\"elementor-column elementor-col-100 elementor-top-column elementor-element elementor-element-b63b404\" data-id=\"b63b404\" data-element_type=\"column\">\n\t\t\t<div class=\"elementor-widget-wrap elementor-element-populated\">\n\t\t\t\t\t\t\t\t<div class=\"elementor-element elementor-element-2cf8e6b elementor-widget elementor-widget-text-editor\" data-id=\"2cf8e6b\" data-element_type=\"widget\" data-widget_type=\"text-editor.default\">\n\t\t\t\t<div class=\"elementor-widget-container\">\n\t\t\t\t\t\t\t\t<h1><span style=\"color: #c30707;\">FATO CONT\u00c1BIL<\/span><\/h1>\t\t\t\t\t\t<\/div>\n\t\t\t\t<\/div>\n\t\t\t\t<div class=\"elementor-element elementor-element-7968ef4 elementor-widget elementor-widget-image\" data-id=\"7968ef4\" data-element_type=\"widget\" data-widget_type=\"image.default\">\n\t\t\t\t<div class=\"elementor-widget-container\">\n\t\t\t\t\t\t\t\t\t\t\t\t\t\t\t<img width=\"1920\" height=\"698\" src=\"http:\/\/fatocontabil.cnt.br\/site\/wp-content\/uploads\/2020\/06\/biz3-home-bottom-section.png\" class=\"attachment-full size-full\" alt=\"\" loading=\"lazy\" srcset=\"http:\/\/fatocontabil.cnt.br\/site\/wp-content\/uploads\/2020\/06\/biz3-home-bottom-section.png 1920w, http:\/\/fatocontabil.cnt.br\/site\/wp-content\/uploads\/2020\/06\/biz3-home-bottom-section-300x109.png 300w, http:\/\/fatocontabil.cnt.br\/site\/wp-content\/uploads\/2020\/06\/biz3-home-bottom-section-1024x372.png 1024w, http:\/\/fatocontabil.cnt.br\/site\/wp-content\/uploads\/2020\/06\/biz3-home-bottom-section-768x279.png 768w, http:\/\/fatocontabil.cnt.br\/site\/wp-content\/uploads\/2020\/06\/biz3-home-bottom-section-1536x558.png 1536w, http:\/\/fatocontabil.cnt.br\/site\/wp-content\/uploads\/2020\/06\/biz3-home-bottom-section-260x95.png 260w, http:\/\/fatocontabil.cnt.br\/site\/wp-content\/uploads\/2020\/06\/biz3-home-bottom-section-50x18.png 50w, http:\/\/fatocontabil.cnt.br\/site\/wp-content\/uploads\/2020\/06\/biz3-home-bottom-section-150x55.png 150w\" sizes=\"(max-width: 1920px) 100vw, 1920px\" \/>\t\t\t\t\t\t\t\t\t\t\t\t\t\t\t<\/div>\n\t\t\t\t<\/div>\n\t\t\t\t\t<\/div>\n\t\t<\/div>\n\t\t\t\t\t\t\t<\/div>\n\t\t<\/section>\n\t\t\t\t<section class=\"elementor-section elementor-top-section elementor-element elementor-element-a627965 elementor-section-stretched elementor-section-boxed elementor-section-height-default elementor-section-height-default\" data-id=\"a627965\" data-element_type=\"section\" data-settings=\"{&quot;stretch_section&quot;:&quot;section-stretched&quot;}\">\n\t\t\t\t\t\t<div class=\"elementor-container elementor-column-gap-wider\">\n\t\t\t\t\t<div class=\"elementor-column elementor-col-100 elementor-top-column elementor-element elementor-element-d55f957\" data-id=\"d55f957\" data-element_type=\"column\">\n\t\t\t<div class=\"elementor-widget-wrap elementor-element-populated\">\n\t\t\t\t\t\t\t\t<div class=\"elementor-element elementor-element-843a825 elementor-widget elementor-widget-text-editor\" data-id=\"843a825\" data-element_type=\"widget\" data-widget_type=\"text-editor.default\">\n\t\t\t\t<div class=\"elementor-widget-container\">\n\t\t\t\t\t\t\t\t<h6><span style=\"color: #000000; font-family: Arial, Helvetica, Arial, sans-serif; font-size: 52px; font-weight: bold; letter-spacing: 0px;\">Sobre n\u00f3s<\/span><\/h6>\t\t\t\t\t\t<\/div>\n\t\t\t\t<\/div>\n\t\t\t\t<div class=\"elementor-element elementor-element-cf8dbe5 elementor-widget elementor-widget-spacer\" data-id=\"cf8dbe5\" data-element_type=\"widget\" data-widget_type=\"spacer.default\">\n\t\t\t\t<div class=\"elementor-widget-container\">\n\t\t\t\t\t<div class=\"elementor-spacer\">\n\t\t\t<div class=\"elementor-spacer-inner\"><\/div>\n\t\t<\/div>\n\t\t\t\t<\/div>\n\t\t\t\t<\/div>\n\t\t\t\t<section class=\"elementor-section elementor-inner-section elementor-element elementor-element-291c0fa elementor-section-boxed elementor-section-height-default elementor-section-height-default\" data-id=\"291c0fa\" data-element_type=\"section\">\n\t\t\t\t\t\t<div class=\"elementor-container elementor-column-gap-default\">\n\t\t\t\t\t<div class=\"elementor-column elementor-col-50 elementor-inner-column elementor-element elementor-element-fed4f0a\" data-id=\"fed4f0a\" data-element_type=\"column\">\n\t\t\t<div class=\"elementor-widget-wrap elementor-element-populated\">\n\t\t\t\t\t\t\t\t<div class=\"elementor-element elementor-element-22bd795 elementor-widget elementor-widget-text-editor\" data-id=\"22bd795\" data-element_type=\"widget\" data-widget_type=\"text-editor.default\">\n\t\t\t\t<div class=\"elementor-widget-container\">\n\t\t\t\t\t\t\t\t<p>Em 03 de Agosto de 1992 a id\u00e9ia se materializou. Com a energia e coragem dos jovens, Lucas de Almeida Silva abriu as portas da Fato Cont\u00e1bil em Belo Horizonte\/MG com a proposta de assessoramento e consultoria nas \u00e1reas cont\u00e1bil, tribut\u00e1ria e trabalhista para as empresas e pessoas, empregando talento e compet\u00eancia na identifica\u00e7\u00e3o e no desenvolvimento de oportunidades, atrav\u00e9s da utiliza\u00e7\u00e3o \u00e9tica e criativa da informa\u00e7\u00e3o na presta\u00e7\u00e3o de servi\u00e7os e busca de solu\u00e7\u00f5es.<\/p>\t\t\t\t\t\t<\/div>\n\t\t\t\t<\/div>\n\t\t\t\t\t<\/div>\n\t\t<\/div>\n\t\t\t\t<div class=\"elementor-column elementor-col-50 elementor-inner-column elementor-element elementor-element-7666d54\" data-id=\"7666d54\" data-element_type=\"column\">\n\t\t\t<div class=\"elementor-widget-wrap elementor-element-populated\">\n\t\t\t\t\t\t\t\t<div class=\"elementor-element elementor-element-8cb8454 elementor-widget elementor-widget-text-editor\" data-id=\"8cb8454\" data-element_type=\"widget\" data-widget_type=\"text-editor.default\">\n\t\t\t\t<div class=\"elementor-widget-container\">\n\t\t\t\t\t\t\t\t<p>Trabalhamos com as melhores tecnologias dispon\u00edveis, com profissionais altamente preparados e experientes e assim proporcionar um atendimento especializado.<br \/>Nossa miss\u00e3o \u00e9 prestar assessoria e orienta\u00e7\u00e3o atualizadas, com \u00e9tica e foco nas demandas de nossos clientes gerando resultados positivos.<\/p>\t\t\t\t\t\t<\/div>\n\t\t\t\t<\/div>\n\t\t\t\t\t<\/div>\n\t\t<\/div>\n\t\t\t\t\t\t\t<\/div>\n\t\t<\/section>\n\t\t\t\t\t<\/div>\n\t\t<\/div>\n\t\t\t\t\t\t\t<\/div>\n\t\t<\/section>\n\t\t\t\t<section class=\"elementor-section elementor-top-section elementor-element elementor-element-8f7d6ea elementor-section-stretched elementor-section-boxed elementor-section-height-default elementor-section-height-default\" data-id=\"8f7d6ea\" data-element_type=\"section\" data-settings=\"{&quot;stretch_section&quot;:&quot;section-stretched&quot;}\">\n\t\t\t\t\t\t<div class=\"elementor-container elementor-column-gap-wider\">\n\t\t\t\t\t<div class=\"elementor-column elementor-col-100 elementor-top-column elementor-element elementor-element-42bbc9b\" data-id=\"42bbc9b\" data-element_type=\"column\">\n\t\t\t<div class=\"elementor-widget-wrap elementor-element-populated\">\n\t\t\t\t\t\t\t\t<div class=\"elementor-element elementor-element-4dc8950 elementor-widget elementor-widget-image\" data-id=\"4dc8950\" data-element_type=\"widget\" data-widget_type=\"image.default\">\n\t\t\t\t<div class=\"elementor-widget-container\">\n\t\t\t\t\t\t\t\t\t\t\t\t\t\t\t<img width=\"73\" height=\"59\" src=\"http:\/\/fatocontabil.cnt.br\/site\/wp-content\/uploads\/2020\/06\/biz3-quotes.png\" class=\"attachment-large size-large\" alt=\"\" loading=\"lazy\" srcset=\"http:\/\/fatocontabil.cnt.br\/site\/wp-content\/uploads\/2020\/06\/biz3-quotes.png 73w, http:\/\/fatocontabil.cnt.br\/site\/wp-content\/uploads\/2020\/06\/biz3-quotes-50x40.png 50w\" sizes=\"(max-width: 73px) 100vw, 73px\" \/>\t\t\t\t\t\t\t\t\t\t\t\t\t\t\t<\/div>\n\t\t\t\t<\/div>\n\t\t\t\t<div class=\"elementor-element elementor-element-adff754 elementor-widget elementor-widget-mfn_testimonials\" data-id=\"adff754\" data-element_type=\"widget\" data-widget_type=\"mfn_testimonials.default\">\n\t\t\t\t<div class=\"elementor-widget-container\">\n\t\t\t<div class=\"testimonials_slider single-photo hide-photos\"><ul class=\"testimonials_slider_ul\"><li><div class=\"single-photo-img\"><img class=\"scale-with-grid\" src=\"http:\/\/fatocontabil.cnt.br\/site\/wp-content\/themes\/betheme\/images\/testimonials-placeholder.png\" alt=\"Fernando Pessoa\" \/><\/div><div class=\"bq_wrapper\"><blockquote><h5 style=\"font-weight: 500;\">Duas coisas s\u00f3 me deu o Destino: uns livros de contabilidade e o dom de sonhar<\/h5><\/blockquote><\/div><div class=\"hr_dots\"><span><\/span><span><\/span><span><\/span><\/div><div class=\"author\"><h5>Fernando Pessoa<\/h5><span class=\"company\">Escritor<\/span><\/div><\/li><li><div class=\"single-photo-img\"><img class=\"scale-with-grid\" src=\"http:\/\/fatocontabil.cnt.br\/site\/wp-content\/themes\/betheme\/images\/testimonials-placeholder.png\" alt=\"William Edwards Deming\" \/><\/div><div class=\"bq_wrapper\"><blockquote><h5 style=\"font-weight: 500;\">O que n\u00e3o pode ser medido, n\u00e3o pode ser gerenciado.<\/h5><\/blockquote><\/div><div class=\"hr_dots\"><span><\/span><span><\/span><span><\/span><\/div><div class=\"author\"><h5>William Edwards Deming<\/h5><span class=\"company\">Estat\u00edstico<\/span><\/div><\/li><\/ul><div class=\"slider_pager slider_pagination\"><\/div><\/div>\n\t\t<\/div>\n\t\t\t\t<\/div>\n\t\t\t\t\t<\/div>\n\t\t<\/div>\n\t\t\t\t\t\t\t<\/div>\n\t\t<\/section>\n\t\t\t\t\t\t<\/div>\n\t\t\t\t\t<\/div>\n\t\t","protected":false},"excerpt":{"rendered":"<p>FATO CONT\u00c1BIL Sobre n\u00f3s Em 03 de Agosto de 1992 a id\u00e9ia se materializou. Com a energia e coragem dos jovens, Lucas de Almeida Silva abriu<span class=\"excerpt-hellip\"> [\u2026]<\/span><\/p>\n","protected":false},"author":1,"featured_media":0,"parent":0,"menu_order":0,"comment_status":"closed","ping_status":"closed","template":"","meta":[],"_links":{"self":[{"href":"http:\/\/fatocontabil.cnt.br\/site\/index.php?rest_route=\/wp\/v2\/pages\/12"}],"collection":[{"href":"http:\/\/fatocontabil.cnt.br\/site\/index.php?rest_route=\/wp\/v2\/pages"}],"about":[{"href":"http:\/\/fatocontabil.cnt.br\/site\/index.php?rest_route=\/wp\/v2\/types\/page"}],"author":[{"embeddable":true,"href":"http:\/\/fatocontabil.cnt.br\/site\/index.php?rest_route=\/wp\/v2\/users\/1"}],"replies":[{"embeddable":true,"href":"http:\/\/fatocontabil.cnt.br\/site\/index.php?rest_route=%2Fwp%2Fv2%2Fcomments&post=12"}],"version-history":[{"count":28,"href":"http:\/\/fatocontabil.cnt.br\/site\/index.php?rest_route=\/wp\/v2\/pages\/12\/revisions"}],"predecessor-version":[{"id":331,"href":"http:\/\/fatocontabil.cnt.br\/site\/index.php?rest_route=\/wp\/v2\/pages\/12\/revisions\/331"}],"wp:attachment":[{"href":"http:\/\/fatocontabil.cnt.br\/site\/index.php?rest_route=%2Fwp%2Fv2%2Fmedia&parent=12"}],"curies":[{"name":"wp","href":"https:\/\/api.w.org\/{rel}","templated":true}]}}